{"id":912,"date":"2020-10-28T13:01:02","date_gmt":"2020-10-28T13:01:02","guid":{"rendered":"https:\/\/madeirasimportadas.com\/quienes-somos\/"},"modified":"2021-11-29T10:41:25","modified_gmt":"2021-11-29T10:41:25","slug":"quienes-somos","status":"publish","type":"page","link":"https:\/\/madeirasimportadas.com\/es\/quienes-somos\/","title":{"rendered":"Qui\u00e9nes somos"},"content":{"rendered":"<p><section class=\"kc-elm kc-css-183858 kc_row\"><div class=\"kc-row-container  kc-container\"><div class=\"kc-wrap-columns\"><div class=\"kc-elm kc-css-587110 kc_col-sm-12 kc_column kc_col-sm-12\"><div class=\"kc-col-container\">\n\t<!--Main Slider-->\n\t<section class=\"main-slider\" data-start-height=\"900\" data-slide-overlay=\"yes\">\n\t\t\n\t\t\t<!-- START About Us ES REVOLUTION SLIDER 6.2.2 --><p class=\"rs-p-wp-fix\"><\/p>\n\t\t\t<rs-module-wrap id=\"rev_slider_7_1_wrapper\" data-source=\"gallery\" style=\"background:transparent;padding:0;margin:0px auto;margin-top:0;margin-bottom:0;\">\n\t\t\t\t<rs-module id=\"rev_slider_7_1\" style=\"display:none;\" data-version=\"6.2.2\">\n\t\t\t\t\t<rs-slides>\n\t\t\t\t\t\t<rs-slide data-key=\"rs-19\" data-title=\"Slide\" data-thumb=\"\/\/madeirasimportadas.com\/wp-content\/uploads\/2020\/07\/quem-somos-madeiras-certificadas-100x50.jpg\" data-anim=\"ei:d,d,d;eo:d,d,d;s:d,d,d,d;r:0,0,0;t:curtain-1,3dcurtain-vertical,curtain-2,3dcurtain-horizontal;sl:d,d,d,d;\">\n\t\t\t\t\t\t\t<img loading=\"lazy\" decoding=\"async\" src=\"\/\/madeirasimportadas.com\/wp-content\/uploads\/2020\/07\/quem-somos-madeiras-certificadas.jpg\" title=\"quem-somos-madeiras-certificadas\" width=\"1920\" height=\"702\" class=\"rev-slidebg\" data-no-retina>\n<!--\n\t\t\t\t\t\t\t--><rs-layer\n\t\t\t\t\t\t\t\tid=\"slider-7-slide-19-layer-1\" \n\t\t\t\t\t\t\t\tdata-type=\"text\"\n\t\t\t\t\t\t\t\tdata-rsp_ch=\"on\"\n\t\t\t\t\t\t\t\tdata-xy=\"x:c;y:m;yo:-110px,-114px,0,0;\"\n\t\t\t\t\t\t\t\tdata-text=\"w:normal,normal,normal,normal;s:55,55,55,30;l:70,70,70,40;fw:600;a:center;\"\n\t\t\t\t\t\t\t\tdata-dim=\"w:1079px,935px,591px,410px;h:auto,auto,auto,243px;\"\n\t\t\t\t\t\t\t\tdata-frame_0=\"y:-100%;o:1;tp:600;\"\n\t\t\t\t\t\t\t\tdata-frame_0_mask=\"u:t;\"\n\t\t\t\t\t\t\t\tdata-frame_1=\"tp:600;sp:1500;\"\n\t\t\t\t\t\t\t\tdata-frame_1_mask=\"u:t;\"\n\t\t\t\t\t\t\t\tdata-frame_999=\"o:0;tp:600;st:w;sR:7500;\"\n\t\t\t\t\t\t\t\tstyle=\"z-index:8;font-family:Montserrat;\"\n\t\t\t\t\t\t\t>Nuestras maderas certificadas forman parte de un ecosistema inteligente de preservaci\u00f3n. \n\t\t\t\t\t\t\t<\/rs-layer><!--\n-->\t\t\t\t\t\t<\/rs-slide>\n\t\t\t\t\t\t<rs-slide data-key=\"rs-20\" data-title=\"Slide\" data-thumb=\"\/\/madeirasimportadas.com\/wp-content\/uploads\/2020\/07\/quem-somos-vida-sustentavel-100x50.jpg\" data-anim=\"ei:d,d,d;eo:d,d,d;s:d,d,d,d;r:0,0,0;t:curtain-1,3dcurtain-vertical,curtain-2,3dcurtain-horizontal;sl:d,d,d,d;\">\n\t\t\t\t\t\t\t<img loading=\"lazy\" decoding=\"async\" src=\"\/\/madeirasimportadas.com\/wp-content\/uploads\/2020\/07\/quem-somos-vida-sustentavel.jpg\" title=\"quem-somos-vida-sustentavel\" width=\"1920\" height=\"702\" class=\"rev-slidebg\" data-no-retina>\n<!--\n\t\t\t\t\t\t\t--><rs-layer\n\t\t\t\t\t\t\t\tid=\"slider-7-slide-20-layer-1\" \n\t\t\t\t\t\t\t\tdata-type=\"text\"\n\t\t\t\t\t\t\t\tdata-rsp_ch=\"on\"\n\t\t\t\t\t\t\t\tdata-xy=\"x:c;y:m;yo:-110px,-110px,0,0;\"\n\t\t\t\t\t\t\t\tdata-text=\"w:normal,normal,normal,normal;s:55,55,55,30;l:70,70,70,40;fw:600;a:center;\"\n\t\t\t\t\t\t\t\tdata-dim=\"w:997px,941px,713px,300px;\"\n\t\t\t\t\t\t\t\tdata-frame_0=\"y:-100%;o:1;tp:600;\"\n\t\t\t\t\t\t\t\tdata-frame_0_mask=\"u:t;\"\n\t\t\t\t\t\t\t\tdata-frame_1=\"tp:600;sp:1500;\"\n\t\t\t\t\t\t\t\tdata-frame_1_mask=\"u:t;\"\n\t\t\t\t\t\t\t\tdata-frame_999=\"o:0;tp:600;st:w;sR:7500;\"\n\t\t\t\t\t\t\t\tstyle=\"z-index:8;font-family:Montserrat;\"\n\t\t\t\t\t\t\t>Creemos en la sostenibilidad y el bienestar. \n\t\t\t\t\t\t\t<\/rs-layer><!--\n-->\t\t\t\t\t\t<\/rs-slide>\n\t\t\t\t\t\t<rs-slide data-key=\"rs-21\" data-title=\"Slide\" data-thumb=\"\/\/madeirasimportadas.com\/wp-content\/uploads\/2020\/07\/quem-somos-madeira-fonte-de-vida-100x50.jpg\" data-anim=\"ei:d,d,d;eo:d,d,d;s:d,d,d,d;r:0,0,0;t:curtain-1,3dcurtain-vertical,curtain-2,3dcurtain-horizontal;sl:d,d,d,d;\">\n\t\t\t\t\t\t\t<img loading=\"lazy\" decoding=\"async\" src=\"\/\/madeirasimportadas.com\/wp-content\/uploads\/2020\/07\/quem-somos-madeira-fonte-de-vida.jpg\" title=\"quem-somos-madeira-fonte-de-vida\" width=\"1920\" height=\"702\" class=\"rev-slidebg\" data-no-retina>\n<!--\n\t\t\t\t\t\t\t--><rs-layer\n\t\t\t\t\t\t\t\tid=\"slider-7-slide-21-layer-1\" \n\t\t\t\t\t\t\t\tdata-type=\"text\"\n\t\t\t\t\t\t\t\tdata-rsp_ch=\"on\"\n\t\t\t\t\t\t\t\tdata-xy=\"x:c;y:m;yo:-110px,-110px,0,0;\"\n\t\t\t\t\t\t\t\tdata-text=\"w:normal;s:55,55,55,30;l:70,70,70,40;fw:600;a:center;\"\n\t\t\t\t\t\t\t\tdata-dim=\"w:917px,917px,673px,423px;\"\n\t\t\t\t\t\t\t\tdata-frame_0=\"y:-100%;o:1;tp:600;\"\n\t\t\t\t\t\t\t\tdata-frame_0_mask=\"u:t;\"\n\t\t\t\t\t\t\t\tdata-frame_1=\"tp:600;sp:1500;\"\n\t\t\t\t\t\t\t\tdata-frame_1_mask=\"u:t;\"\n\t\t\t\t\t\t\t\tdata-frame_999=\"o:0;tp:600;st:w;sR:7500;\"\n\t\t\t\t\t\t\t\tstyle=\"z-index:8;font-family:Poppins;\"\n\t\t\t\t\t\t\t>Usamos la madera como fuente de vida y bienestar. \n\t\t\t\t\t\t\t<\/rs-layer><!--\n-->\t\t\t\t\t\t<\/rs-slide>\n\t\t\t\t\t<\/rs-slides>\n\t\t\t\t\t<rs-progress class=\"rs-bottom\" style=\"visibility: hidden !important;\"><\/rs-progress>\n\t\t\t\t<\/rs-module>\n\t\t\t\t<script type=\"text\/javascript\">\n\t\t\t\t\tsetREVStartSize({c: 'rev_slider_7_1',rl:[1240,1024,778,480],el:[640,768,960,720],gw:[1200,1024,778,480],gh:[640,768,960,720],type:'standard',justify:'',layout:'fullwidth',mh:\"0\"});\n\t\t\t\t\tvar\trevapi7,\n\t\t\t\t\t\ttpj;\n\t\t\t\t\tjQuery(function() {\n\t\t\t\t\t\ttpj = jQuery;\n\t\t\t\t\t\tif(tpj(\"#rev_slider_7_1\").revolution == undefined){\n\t\t\t\t\t\t\trevslider_showDoubleJqueryError(\"#rev_slider_7_1\");\n\t\t\t\t\t\t}else{\n\t\t\t\t\t\t\trevapi7 = tpj(\"#rev_slider_7_1\").show().revolution({\n\t\t\t\t\t\t\t\tjsFileLocation:\"\/\/madeirasimportadas.com\/wp-content\/plugins\/revslider\/public\/assets\/js\/\",\n\t\t\t\t\t\t\t\tsliderLayout:\"fullwidth\",\n\t\t\t\t\t\t\t\tvisibilityLevels:\"1240,1024,778,480\",\n\t\t\t\t\t\t\t\tgridwidth:\"1200,1024,778,480\",\n\t\t\t\t\t\t\t\tgridheight:\"640,768,960,720\",\n\t\t\t\t\t\t\t\tspinner:\"spinner0\",\n\t\t\t\t\t\t\t\teditorheight:\"640,768,960,720\",\n\t\t\t\t\t\t\t\tresponsiveLevels:\"1240,1024,778,480\",\n\t\t\t\t\t\t\t\tdisableProgressBar:\"on\",\n\t\t\t\t\t\t\t\tnavigation: {\n\t\t\t\t\t\t\t\t\tmouseScrollNavigation:false,\n\t\t\t\t\t\t\t\t\tonHoverStop:false,\n\t\t\t\t\t\t\t\t\tarrows: {\n\t\t\t\t\t\t\t\t\t\tenable:true,\n\t\t\t\t\t\t\t\t\t\tstyle:\"metis\",\n\t\t\t\t\t\t\t\t\t\tleft: {\n\t\t\t\t\t\t\t\t\t\t\th_offset:0\n\t\t\t\t\t\t\t\t\t\t},\n\t\t\t\t\t\t\t\t\t\tright: {\n\t\t\t\t\t\t\t\t\t\t\th_offset:0\n\t\t\t\t\t\t\t\t\t\t}\n\t\t\t\t\t\t\t\t\t}\n\t\t\t\t\t\t\t\t},\n\t\t\t\t\t\t\t\tfallbacks: {\n\t\t\t\t\t\t\t\t\tallowHTML5AutoPlayOnAndroid:true\n\t\t\t\t\t\t\t\t},\n\t\t\t\t\t\t\t});\n\t\t\t\t\t\t}\n\t\t\t\t\t\t\n\t\t\t\t\t});\n\t\t\t\t<\/script>\n\t\t\t\t<script>\n\t\t\t\t\tvar htmlDivCss = unescape(\"%23rev_slider_7_1_wrapper%20.metis.tparrows%20%7B%0A%20%20background%3A%23ffffff%3B%0A%20%20padding%3A10px%3B%0A%20%20transition%3Aall%200.3s%3B%0A%20%20-webkit-transition%3Aall%200.3s%3B%0A%20%20width%3A60px%3B%0A%20%20height%3A60px%3B%0A%20%20box-sizing%3Aborder-box%3B%0A%20%7D%0A%20%0A%20%23rev_slider_7_1_wrapper%20.metis.tparrows%3Ahover%20%7B%0A%20%20%20background%3Argba%28255%2C255%2C255%2C0.75%29%3B%0A%20%7D%0A%20%0A%20%23rev_slider_7_1_wrapper%20.metis.tparrows%3Abefore%20%7B%0A%20%20color%3A%23000000%3B%20%20%0A%20%20%20transition%3Aall%200.3s%3B%0A%20%20-webkit-transition%3Aall%200.3s%3B%0A%20%7D%0A%20%0A%20%23rev_slider_7_1_wrapper%20.metis.tparrows%3Ahover%3Abefore%20%7B%0A%20%20%20transform%3Ascale%281.5%29%3B%0A%20%20%7D%0A%20%0A\");\n\t\t\t\t\tvar htmlDiv = document.getElementById('rs-plugin-settings-inline-css');\n\t\t\t\t\tif(htmlDiv) {\n\t\t\t\t\t\thtmlDiv.innerHTML = htmlDiv.innerHTML + htmlDivCss;\n\t\t\t\t\t}else{\n\t\t\t\t\t\tvar htmlDiv = document.createElement('div');\n\t\t\t\t\t\thtmlDiv.innerHTML = '<style>' + htmlDivCss + '<\/style>';\n\t\t\t\t\t\tdocument.getElementsByTagName('head')[0].appendChild(htmlDiv.childNodes[0]);\n\t\t\t\t\t}\n\t\t\t\t<\/script>\n\t\t\t\t<script>\n\t\t\t\t\tvar htmlDivCss = unescape(\"%0A%0A%0A\");\n\t\t\t\t\tvar htmlDiv = document.getElementById('rs-plugin-settings-inline-css');\n\t\t\t\t\tif(htmlDiv) {\n\t\t\t\t\t\thtmlDiv.innerHTML = htmlDiv.innerHTML + htmlDivCss;\n\t\t\t\t\t}else{\n\t\t\t\t\t\tvar htmlDiv = document.createElement('div');\n\t\t\t\t\t\thtmlDiv.innerHTML = '<style>' + htmlDivCss + '<\/style>';\n\t\t\t\t\t\tdocument.getElementsByTagName('head')[0].appendChild(htmlDiv.childNodes[0]);\n\t\t\t\t\t}\n\t\t\t\t<\/script>\n\t\t\t<\/rs-module-wrap>\n\t\t\t<!-- END REVOLUTION SLIDER -->\n\t<\/section>\n\t<!--End Main Slider-->\n\n<\/div><\/div><\/div><\/div><\/section><section class=\"kc-elm kc-css-968232 kc_row\"><div class=\"kc-row-container\"><div class=\"kc-wrap-columns\"><div class=\"kc-elm kc-css-153039 kc_col-sm-1 kc_column kc_col-sm-1\"><div class=\"kc-col-container\"><\/div><\/div><div class=\"kc-elm kc-css-134941 kc_col-sm-10 kc_column kc_col-sm-10\"><div class=\"kc-col-container\"><div class=\"kc-elm kc-css-773426\" style=\"height: 65px; clear: both; width:100%;\"><\/div><div class=\"kc-elm kc-css-317963 kc_text_block\"><\/p>\n<p style=\"text-align: center;\">M\u00e1s de 20 a\u00f1os de experiencia en importaci\u00f3n de maderas de bosques sostenibles n\u00f3rdicos.<\/p>\n<p>\n<\/div><div class=\"kc-elm kc-css-93422\" style=\"height: 30px; clear: both; width:100%;\"><\/div><div class=\"kc-elm kc-css-163608 kc_text_block\"><\/p>\n<p style=\"text-align: center;\">Ofrecemos soluciones diferenciadoras basadas en un patr\u00f3n de calidad superior. Nuestro servicio se basa en la proximidad con el cliente y en el desarrollo de relaciones a largo plazo.<\/p>\n<p>\n<\/div><div class=\"kc-elm kc-css-78399\" style=\"height: 30px; clear: both; width:100%;\"><\/div><div class=\"kc-elm kc-css-810296 kc_text_block\"><\/p>\n<p style=\"text-align: center;\">Por eso creamos alianzas con empresas de la regi\u00f3n y asumimos la representaci\u00f3n de las mejores marcas dentro de la actividad en la que desarrollamos nuestra actividad desde 1998.<\/p>\n<p>\n<\/div><div class=\"kc-elm kc-css-742914\" style=\"height: 65px; clear: both; width:100%;\"><\/div><\/div><\/div><div class=\"kc-elm kc-css-874381 kc_col-sm-1 kc_column kc_col-sm-1\"><div class=\"kc-col-container\"><\/div><\/div><\/div><\/div><\/section><section id=\"bbd-quem-nossa\" class=\"kc-elm kc-css-661141 kc_row\"><div class=\"kc-row-container\"><div class=\"kc-wrap-columns\"><div class=\"kc-elm kc-css-37720 kc_col-sm-1 kc_column kc_col-sm-1\"><div class=\"kc-col-container\"><\/div><\/div><div class=\"kc-elm kc-css-292490 kc_col-sm-6 kc_column kc_col-sm-6\"><div class=\"kc-col-container\"><div class=\"kc-elm kc-css-586311\" style=\"height: 85px; clear: both; width:100%;\"><\/div>\n<div class=\"kc-elm kc-css-758821 kc-title-wrap \">\n\n\t<h2 class=\"kc_title\">Nuestra historia<\/h2>\n<\/div>\n<div class=\"kc-elm kc-css-68606\" style=\"height: 30px; clear: both; width:100%;\"><\/div><div class=\"kc-elm kc-css-712479 kc_text_block\"><\/p>\n<p>En Portugal desde 1998, empezamos nuestra actividad en Castelo de Vide. Algunos a\u00f1os m\u00e1s tarde, nos desplazamos a la zona industrial de Crato. Una vez instalados all\u00ed, perfeccionamos nuestro espacio con la construcci\u00f3n de una nueva estructura, lo que nos permiti\u00f3 aumentar la respuesta a nuestros clientes en cuanto a cantidad, diversidad de materiales y rapidez de entrega.<\/p>\n<p>\n<\/div><div class=\"kc-elm kc-css-835403\" style=\"height: 30px; clear: both; width:100%;\"><\/div><div class=\"kc-elm kc-css-827013 kc_text_block\"><\/p>\n<p>Nuestra ambici\u00f3n siempre fue y seguir\u00e1 siendo crecer junto con nuestros clientes y socios, sensibiliz\u00e1ndolos de los beneficios de la utilizaci\u00f3n de la madera como materia prima biol\u00f3gica y sostenible.<\/p>\n<p>\n<\/div><div class=\"kc-elm kc-css-280827\" style=\"height: 30px; clear: both; width:100%;\"><\/div><div class=\"kc-elm kc-css-155969 kc_text_block\"><\/p>\n<p>Nuestras soluciones responden a las necesidades de los servicios profesionales del sector de la construcci\u00f3n civil, as\u00ed como de los particulares que buscan soluciones para ejecutar los proyectos m\u00e1s peque\u00f1os como el bricolaje.<\/p>\n<p>\n<\/div><div class=\"kc-elm kc-css-208189\" style=\"height: 35px; clear: both; width:100%;\"><\/div><\/div><\/div><div class=\"kc-elm kc-css-716747 kc_col-sm-5 kc_column kc_col-sm-5\"><div class=\"kc-col-container\"><\/div><\/div><\/div><\/div><\/section><section class=\"kc-elm kc-css-56800 kc_row\"><div class=\"kc-row-container\"><div class=\"kc-wrap-columns\"><div class=\"kc-elm kc-css-401788 kc_col-sm-12 kc_column kc_col-sm-12\"><div class=\"kc-col-container\"><div data-kc-equalheight=\"true\" data-kc-row-action=\"true\" data-kc-equalheight-align=\"middle\" class=\"kc-elm kc-css-320316 kc_row kc_row_inner\"><div class=\"kc-elm kc-css-944500 kc_col-sm-12 kc_column_inner kc_col-sm-12\"><div class=\"kc_wrapper kc-col-inner-container\"><div class=\"kc-elm kc-css-943320\" style=\"height: 25px; clear: both; width:100%;\"><\/div>\n<div class=\"kc-elm kc-css-975067 kc-title-wrap \">\n\n\t<h2 class=\"kc_title\">Nuestras soluciones<\/h2>\n<\/div>\n<div class=\"kc-elm kc-css-505492\" style=\"height: 25px; clear: both; width:100%;\"><\/div><\/div><\/div><\/div><div data-kc-equalheight=\"true\" data-kc-row-action=\"true\" data-kc-equalheight-align=\"middle\" class=\"kc-elm kc-css-724022 kc_row kc_row_inner\"><div class=\"kc-elm kc-css-284570 kc_col-sm-4 kc_column_inner kc_col-sm-4\"><div class=\"kc_wrapper kc-col-inner-container\"><div class=\"kc-elm kc-css-516397 kc_shortcode kc_single_image\">\n\n        <img decoding=\"async\" src=\"https:\/\/madeirasimportadas.com\/wp-content\/uploads\/2020\/07\/Madeiras-e-produtos-madeirasimportadas.jpg\" class=\"\" alt=\"\" \/>    <\/div>\n\n<div class=\"kc-elm kc-css-609975 kc-title-wrap \">\n\n\t<h2 class=\"kc_title\"><a href=\"https:\/\/madeirasimportadas.com\/es\/maderas-y-productos\/\" class=\"kc_title_link\" title=\"Maderas y productos\" target=\"\">Maderas y productos<\/a><\/h2>\n<\/div>\n<\/div><\/div><div class=\"kc-elm kc-css-513424 kc_col-sm-4 kc_column_inner kc_col-sm-4\"><div class=\"kc_wrapper kc-col-inner-container\"><div class=\"kc-elm kc-css-908290 kc_shortcode kc_single_image\">\n\n        <img decoding=\"async\" src=\"https:\/\/madeirasimportadas.com\/wp-content\/uploads\/2020\/07\/Kits-de-Montagem-madeirasimportadas.jpg\" class=\"\" alt=\"\" \/>    <\/div>\n\n<div class=\"kc-elm kc-css-520689 kc-title-wrap \">\n\n\t<h2 class=\"kc_title\"><a href=\"https:\/\/madeirasimportadas.com\/es\/sets-para-montaje\/\" class=\"kc_title_link\" title=\"Sets para montaje\" target=\"\">Sets para montaje<\/a><\/h2>\n<\/div>\n<\/div><\/div><div class=\"kc-elm kc-css-72195 kc_col-sm-4 kc_column_inner kc_col-sm-4\"><div class=\"kc_wrapper kc-col-inner-container\"><div class=\"kc-elm kc-css-374998 kc_shortcode kc_single_image\">\n\n        <img decoding=\"async\" src=\"https:\/\/madeirasimportadas.com\/wp-content\/uploads\/2020\/07\/servicos-madeirasimportadas.jpg\" class=\"\" alt=\"\" \/>    <\/div>\n\n<div class=\"kc-elm kc-css-23206 kc-title-wrap \">\n\n\t<h2 class=\"kc_title\"><a href=\"https:\/\/madeirasimportadas.com\/es\/servicios\/\" class=\"kc_title_link\" title=\"Servicios\" target=\"\">Servicios<\/a><\/h2>\n<\/div>\n<\/div><\/div><\/div><\/div><\/div><\/div><\/div><\/section><section id=\"bbd-home-cta\" class=\"kc-elm kc-css-198823 kc_row\"><div class=\"kc-row-container\"><div class=\"kc-wrap-columns\"><div class=\"kc-elm kc-css-432939 kc_col-sm-12 kc_column kc_col-sm-12\"><div class=\"kc-col-container\"><!--Call To Action-->\n<section class=\"call-to-action-section\" style=\"background-image:url('https:\/\/madeirasimportadas.com\/wp-content\/uploads\/2020\/07\/bkg-cta.jpg')\">\n    <div class=\"auto-container\">\n        <div class=\"row clearfix\">\n            <div class=\"column col-md-9 col-sm-12 col-xs-12\">\n                <div class=\"title\">20 a\u00f1os de experiencia<\/div>\n                <h2>En la comercializaci\u00f3n de maderas y productos <br>de mantenimiento para estructuras interiores y exteriores.\r\n<\/h2>\n            <\/div>\n            <div class=\"btn-column col-md-3 col-sm-12 col-xs-12\">\n                <h3>geral@madeirasimportadas.com<\/h3>\n                <a href=\"https:\/\/madeirasimportadas.com\/es\/contactos\/\" class=\"theme-btn btn-style-six\">Cont\u00e1ctenos<\/a>\n            <\/div>\n        <\/div>\n    <\/div>\n<\/section>\n<!--End Call To Action--><\/div><\/div><\/div><\/div><\/section><\/p>\n","protected":false},"excerpt":{"rendered":"","protected":false},"author":1,"featured_media":0,"parent":0,"menu_order":0,"comment_status":"closed","ping_status":"closed","template":"tpl-king_composer.php","meta":{"footnotes":""},"class_list":["post-912","page","type-page","status-publish","hentry"],"yoast_head":"<!-- This site is optimized with the Yoast SEO plugin v27.5 - https:\/\/yoast.com\/product\/yoast-seo-wordpress\/ -->\n<title>Qui\u00e9nes somos - Madeiras Importadas<\/title>\n<meta name=\"robots\" content=\"index, follow, max-snippet:-1, max-image-preview:large, max-video-preview:-1\" \/>\n<link rel=\"canonical\" href=\"https:\/\/madeirasimportadas.com\/es\/quienes-somos\/\" \/>\n<meta property=\"og:locale\" content=\"es_ES\" \/>\n<meta property=\"og:type\" content=\"article\" \/>\n<meta property=\"og:title\" content=\"Qui\u00e9nes somos - Madeiras Importadas\" \/>\n<meta property=\"og:description\" content=\"M\u00e1s de 20 a\u00f1os de experiencia en importaci\u00f3n de maderas de bosques sostenibles n\u00f3rdicos. Ofrecemos soluciones diferenciadoras basadas en un patr\u00f3n de calidad superior. Nuestro servicio se basa en la proximidad con el cliente y en el desarrollo de relaciones a largo plazo. Por eso creamos alianzas con empresas de la regi\u00f3n y asumimos la\" \/>\n<meta property=\"og:url\" content=\"https:\/\/madeirasimportadas.com\/es\/quienes-somos\/\" \/>\n<meta property=\"og:site_name\" content=\"Madeiras Importadas\" \/>\n<meta property=\"article:publisher\" content=\"https:\/\/www.facebook.com\/Madeiras-Importadas-lda-108412859538382\" \/>\n<meta property=\"article:modified_time\" content=\"2021-11-29T10:41:25+00:00\" \/>\n<meta property=\"og:image\" content=\"https:\/\/madeirasimportadas.com\/wp-content\/uploads\/2020\/07\/Madeiras-e-produtos-madeirasimportadas.jpg\" \/>\n<meta name=\"twitter:card\" content=\"summary_large_image\" \/>\n<meta name=\"twitter:label1\" content=\"Tiempo de lectura\" \/>\n\t<meta name=\"twitter:data1\" content=\"1 minuto\" \/>\n<script type=\"application\/ld+json\" class=\"yoast-schema-graph\">{\"@context\":\"https:\\\/\\\/schema.org\",\"@graph\":[{\"@type\":\"WebPage\",\"@id\":\"https:\\\/\\\/madeirasimportadas.com\\\/es\\\/quienes-somos\\\/\",\"url\":\"https:\\\/\\\/madeirasimportadas.com\\\/es\\\/quienes-somos\\\/\",\"name\":\"Qui\u00e9nes somos - Madeiras Importadas\",\"isPartOf\":{\"@id\":\"https:\\\/\\\/madeirasimportadas.com\\\/es\\\/#website\"},\"primaryImageOfPage\":{\"@id\":\"https:\\\/\\\/madeirasimportadas.com\\\/es\\\/quienes-somos\\\/#primaryimage\"},\"image\":{\"@id\":\"https:\\\/\\\/madeirasimportadas.com\\\/es\\\/quienes-somos\\\/#primaryimage\"},\"thumbnailUrl\":\"https:\\\/\\\/madeirasimportadas.com\\\/wp-content\\\/uploads\\\/2020\\\/07\\\/Madeiras-e-produtos-madeirasimportadas.jpg\",\"datePublished\":\"2020-10-28T13:01:02+00:00\",\"dateModified\":\"2021-11-29T10:41:25+00:00\",\"breadcrumb\":{\"@id\":\"https:\\\/\\\/madeirasimportadas.com\\\/es\\\/quienes-somos\\\/#breadcrumb\"},\"inLanguage\":\"es\",\"potentialAction\":[{\"@type\":\"ReadAction\",\"target\":[\"https:\\\/\\\/madeirasimportadas.com\\\/es\\\/quienes-somos\\\/\"]}]},{\"@type\":\"ImageObject\",\"inLanguage\":\"es\",\"@id\":\"https:\\\/\\\/madeirasimportadas.com\\\/es\\\/quienes-somos\\\/#primaryimage\",\"url\":\"https:\\\/\\\/madeirasimportadas.com\\\/wp-content\\\/uploads\\\/2020\\\/07\\\/Madeiras-e-produtos-madeirasimportadas.jpg\",\"contentUrl\":\"https:\\\/\\\/madeirasimportadas.com\\\/wp-content\\\/uploads\\\/2020\\\/07\\\/Madeiras-e-produtos-madeirasimportadas.jpg\"},{\"@type\":\"BreadcrumbList\",\"@id\":\"https:\\\/\\\/madeirasimportadas.com\\\/es\\\/quienes-somos\\\/#breadcrumb\",\"itemListElement\":[{\"@type\":\"ListItem\",\"position\":1,\"name\":\"In\u00edcio\",\"item\":\"https:\\\/\\\/madeirasimportadas.com\\\/es\\\/\"},{\"@type\":\"ListItem\",\"position\":2,\"name\":\"Qui\u00e9nes somos\"}]},{\"@type\":\"WebSite\",\"@id\":\"https:\\\/\\\/madeirasimportadas.com\\\/es\\\/#website\",\"url\":\"https:\\\/\\\/madeirasimportadas.com\\\/es\\\/\",\"name\":\"Madeiras Importadas\",\"description\":\"\",\"potentialAction\":[{\"@type\":\"SearchAction\",\"target\":{\"@type\":\"EntryPoint\",\"urlTemplate\":\"https:\\\/\\\/madeirasimportadas.com\\\/es\\\/?s={search_term_string}\"},\"query-input\":{\"@type\":\"PropertyValueSpecification\",\"valueRequired\":true,\"valueName\":\"search_term_string\"}}],\"inLanguage\":\"es\"}]}<\/script>\n<!-- \/ Yoast SEO plugin. -->","yoast_head_json":{"title":"Qui\u00e9nes somos - Madeiras Importadas","robots":{"index":"index","follow":"follow","max-snippet":"max-snippet:-1","max-image-preview":"max-image-preview:large","max-video-preview":"max-video-preview:-1"},"canonical":"https:\/\/madeirasimportadas.com\/es\/quienes-somos\/","og_locale":"es_ES","og_type":"article","og_title":"Qui\u00e9nes somos - Madeiras Importadas","og_description":"M\u00e1s de 20 a\u00f1os de experiencia en importaci\u00f3n de maderas de bosques sostenibles n\u00f3rdicos. Ofrecemos soluciones diferenciadoras basadas en un patr\u00f3n de calidad superior. Nuestro servicio se basa en la proximidad con el cliente y en el desarrollo de relaciones a largo plazo. Por eso creamos alianzas con empresas de la regi\u00f3n y asumimos la","og_url":"https:\/\/madeirasimportadas.com\/es\/quienes-somos\/","og_site_name":"Madeiras Importadas","article_publisher":"https:\/\/www.facebook.com\/Madeiras-Importadas-lda-108412859538382","article_modified_time":"2021-11-29T10:41:25+00:00","og_image":[{"url":"https:\/\/madeirasimportadas.com\/wp-content\/uploads\/2020\/07\/Madeiras-e-produtos-madeirasimportadas.jpg","type":"","width":"","height":""}],"twitter_card":"summary_large_image","twitter_misc":{"Tiempo de lectura":"1 minuto"},"schema":{"@context":"https:\/\/schema.org","@graph":[{"@type":"WebPage","@id":"https:\/\/madeirasimportadas.com\/es\/quienes-somos\/","url":"https:\/\/madeirasimportadas.com\/es\/quienes-somos\/","name":"Qui\u00e9nes somos - Madeiras Importadas","isPartOf":{"@id":"https:\/\/madeirasimportadas.com\/es\/#website"},"primaryImageOfPage":{"@id":"https:\/\/madeirasimportadas.com\/es\/quienes-somos\/#primaryimage"},"image":{"@id":"https:\/\/madeirasimportadas.com\/es\/quienes-somos\/#primaryimage"},"thumbnailUrl":"https:\/\/madeirasimportadas.com\/wp-content\/uploads\/2020\/07\/Madeiras-e-produtos-madeirasimportadas.jpg","datePublished":"2020-10-28T13:01:02+00:00","dateModified":"2021-11-29T10:41:25+00:00","breadcrumb":{"@id":"https:\/\/madeirasimportadas.com\/es\/quienes-somos\/#breadcrumb"},"inLanguage":"es","potentialAction":[{"@type":"ReadAction","target":["https:\/\/madeirasimportadas.com\/es\/quienes-somos\/"]}]},{"@type":"ImageObject","inLanguage":"es","@id":"https:\/\/madeirasimportadas.com\/es\/quienes-somos\/#primaryimage","url":"https:\/\/madeirasimportadas.com\/wp-content\/uploads\/2020\/07\/Madeiras-e-produtos-madeirasimportadas.jpg","contentUrl":"https:\/\/madeirasimportadas.com\/wp-content\/uploads\/2020\/07\/Madeiras-e-produtos-madeirasimportadas.jpg"},{"@type":"BreadcrumbList","@id":"https:\/\/madeirasimportadas.com\/es\/quienes-somos\/#breadcrumb","itemListElement":[{"@type":"ListItem","position":1,"name":"In\u00edcio","item":"https:\/\/madeirasimportadas.com\/es\/"},{"@type":"ListItem","position":2,"name":"Qui\u00e9nes somos"}]},{"@type":"WebSite","@id":"https:\/\/madeirasimportadas.com\/es\/#website","url":"https:\/\/madeirasimportadas.com\/es\/","name":"Madeiras Importadas","description":"","potentialAction":[{"@type":"SearchAction","target":{"@type":"EntryPoint","urlTemplate":"https:\/\/madeirasimportadas.com\/es\/?s={search_term_string}"},"query-input":{"@type":"PropertyValueSpecification","valueRequired":true,"valueName":"search_term_string"}}],"inLanguage":"es"}]}},"_links":{"self":[{"href":"https:\/\/madeirasimportadas.com\/es\/wp-json\/wp\/v2\/pages\/912","targetHints":{"allow":["GET"]}}],"collection":[{"href":"https:\/\/madeirasimportadas.com\/es\/wp-json\/wp\/v2\/pages"}],"about":[{"href":"https:\/\/madeirasimportadas.com\/es\/wp-json\/wp\/v2\/types\/page"}],"author":[{"embeddable":true,"href":"https:\/\/madeirasimportadas.com\/es\/wp-json\/wp\/v2\/users\/1"}],"replies":[{"embeddable":true,"href":"https:\/\/madeirasimportadas.com\/es\/wp-json\/wp\/v2\/comments?post=912"}],"version-history":[{"count":4,"href":"https:\/\/madeirasimportadas.com\/es\/wp-json\/wp\/v2\/pages\/912\/revisions"}],"predecessor-version":[{"id":916,"href":"https:\/\/madeirasimportadas.com\/es\/wp-json\/wp\/v2\/pages\/912\/revisions\/916"}],"wp:attachment":[{"href":"https:\/\/madeirasimportadas.com\/es\/wp-json\/wp\/v2\/media?parent=912"}],"curies":[{"name":"wp","href":"https:\/\/api.w.org\/{rel}","templated":true}]}}